{"id":521,"date":"2023-09-07T08:26:44","date_gmt":"2023-09-07T08:26:44","guid":{"rendered":"https:\/\/mayeambalaj.com\/?post_type=product&#038;p=521"},"modified":"2023-09-07T08:26:44","modified_gmt":"2023-09-07T08:26:44","slug":"kraft-salata-yemek-kaplari","status":"publish","type":"product","link":"https:\/\/mayeambalaj.com\/en\/magaza\/kraft-salata-yemek-kaplari\/","title":{"rendered":"Kraft Salata Yemek Kaplar\u0131"},"content":{"rendered":"<div class=\"flex-1 overflow-hidden\">\n<div class=\"react-scroll-to-bottom--css-myhtd-79elbk h-full dark:bg-gray-800\">\n<div class=\"react-scroll-to-bottom--css-myhtd-1n7m0yu\">\n<div class=\"flex flex-col text-sm dark:bg-gray-800\">\n<div class=\"group w-full text-token-text-primary border-b border-black\/10 dark:border-gray-900\/50 bg-gray-50 dark:bg-[#444654]\" data-testid=\"conversation-turn-5\">\n<div class=\"p-4 justify-center text-base md:gap-6 md:py-6 m-auto\">\n<div class=\"flex flex-1 gap-4 text-base mx-auto md:gap-6 md:max-w-2xl lg:max-w-[38rem] xl:max-w-3xl }\">\n<div class=\"relative flex w-[calc(100%-50px)] flex-col gap-1 md:gap-3 lg:w-[calc(100%-115px)]\">\n<div class=\"flex flex-grow flex-col gap-3 max-w-full\">\n<div class=\"min-h-[20px] flex flex-col items-start gap-3 overflow-x-auto whitespace-pre-wrap break-words\">\n<div class=\"markdown prose w-full break-words dark:prose-invert light\">\n<p><strong>Kraft Salata Kaplar\u0131\u00a0<\/strong><\/p>\n<p><strong>Lezzetin Zarif Sunumu<\/strong><\/p>\n<p>Kraft salata kab\u0131, sa\u011fl\u0131kl\u0131 ya\u015fam tarz\u0131na ve pratik yemek haz\u0131rl\u0131\u011f\u0131na de\u011fer veren herkes i\u00e7in m\u00fckemmel bir se\u00e7enektir. Bu zarif ve \u00e7evre dostu kab\u0131n, her t\u00fcrl\u00fc salata ve at\u0131\u015ft\u0131rmal\u0131k i\u00e7in ideal bir \u00e7\u00f6z\u00fcm oldu\u011funu ke\u015ffedin.<\/p>\n<p><img decoding=\"async\" loading=\"lazy\" class=\"alignnone size-medium wp-image-527\" src=\"https:\/\/mayeambalaj.com\/wp-content\/uploads\/2023\/09\/yemek-kabi-kraft-salata-kabi-mayeambalaj.com-4-400x400.jpg\" alt=\"\" width=\"400\" height=\"400\" srcset=\"https:\/\/mayeambalaj.com\/wp-content\/uploads\/2023\/09\/yemek-kabi-kraft-salata-kabi-mayeambalaj.com-4-400x400.jpg 400w, https:\/\/mayeambalaj.com\/wp-content\/uploads\/2023\/09\/yemek-kabi-kraft-salata-kabi-mayeambalaj.com-4-800x800.jpg 800w, https:\/\/mayeambalaj.com\/wp-content\/uploads\/2023\/09\/yemek-kabi-kraft-salata-kabi-mayeambalaj.com-4-280x280.jpg 280w, https:\/\/mayeambalaj.com\/wp-content\/uploads\/2023\/09\/yemek-kabi-kraft-salata-kabi-mayeambalaj.com-4-768x768.jpg 768w, https:\/\/mayeambalaj.com\/wp-content\/uploads\/2023\/09\/yemek-kabi-kraft-salata-kabi-mayeambalaj.com-4-12x12.jpg 12w, https:\/\/mayeambalaj.com\/wp-content\/uploads\/2023\/09\/yemek-kabi-kraft-salata-kabi-mayeambalaj.com-4-300x300.jpg 300w, https:\/\/mayeambalaj.com\/wp-content\/uploads\/2023\/09\/yemek-kabi-kraft-salata-kabi-mayeambalaj.com-4-600x600.jpg 600w, https:\/\/mayeambalaj.com\/wp-content\/uploads\/2023\/09\/yemek-kabi-kraft-salata-kabi-mayeambalaj.com-4-100x100.jpg 100w, https:\/\/mayeambalaj.com\/wp-content\/uploads\/2023\/09\/yemek-kabi-kraft-salata-kabi-mayeambalaj.com-4.jpg 1080w\" sizes=\"(max-width: 400px) 100vw, 400px\" \/><\/p>\n<p><strong>Neden Kraft Salata Kab\u0131?<\/strong><\/p>\n<ol>\n<li><strong>\u00c7evre Dostu Tasar\u0131m:<\/strong> Kraft salata kab\u0131, s\u00fcrd\u00fcr\u00fclebilirlik konusundaki taahh\u00fctlerinizi yans\u0131t\u0131r. Geri d\u00f6n\u00fc\u015ft\u00fcr\u00fclebilir malzemelerden \u00fcretilmi\u015ftir ve \u00e7evreye duyarl\u0131 bir alternatiftir.<\/li>\n<li><strong>Sa\u011fl\u0131kl\u0131 Ya\u015fam Tarz\u0131:<\/strong> Bu kab\u0131n boyutu, porsiyon kontrol\u00fcn\u00fc kolayla\u015ft\u0131r\u0131r. Sa\u011fl\u0131kl\u0131 beslenme al\u0131\u015fkanl\u0131klar\u0131n\u0131 s\u00fcrd\u00fcrmek veya ba\u015flatmak isteyenler i\u00e7in idealdir.<\/li>\n<li><strong>Ta\u015f\u0131nabilirlik:<\/strong> Hafif ve ta\u015f\u0131nabilir olan bu kab\u0131 ofiste, okulda, piknikte veya herhangi bir yerde kullanabilirsiniz. Sa\u011fl\u0131kl\u0131 bir \u00f6\u011f\u00fcn\u00fc her zaman ve her yerde yan\u0131n\u0131zda ta\u015f\u0131yabilirsiniz.<\/li>\n<li><strong>\u00c7e\u015fitli Kullan\u0131m Alanlar\u0131:<\/strong> Kraft salata kab\u0131, sadece salatalar i\u00e7in de\u011fil, ayn\u0131 zamanda meyve, yo\u011furt, granola ve di\u011fer at\u0131\u015ft\u0131rmal\u0131klar i\u00e7in de m\u00fckemmel bir se\u00e7enektir<\/li>\n<\/ol>\n<p><img decoding=\"async\" loading=\"lazy\" class=\"alignnone size-medium wp-image-531\" src=\"https:\/\/mayeambalaj.com\/wp-content\/uploads\/2023\/09\/yemek-kabi-kraft-salata-kabi-mayeambalaj.com-8-400x400.jpg\" alt=\"\" width=\"400\" height=\"400\" srcset=\"https:\/\/mayeambalaj.com\/wp-content\/uploads\/2023\/09\/yemek-kabi-kraft-salata-kabi-mayeambalaj.com-8-400x400.jpg 400w, https:\/\/mayeambalaj.com\/wp-content\/uploads\/2023\/09\/yemek-kabi-kraft-salata-kabi-mayeambalaj.com-8-800x800.jpg 800w, https:\/\/mayeambalaj.com\/wp-content\/uploads\/2023\/09\/yemek-kabi-kraft-salata-kabi-mayeambalaj.com-8-280x280.jpg 280w, https:\/\/mayeambalaj.com\/wp-content\/uploads\/2023\/09\/yemek-kabi-kraft-salata-kabi-mayeambalaj.com-8-768x768.jpg 768w, https:\/\/mayeambalaj.com\/wp-content\/uploads\/2023\/09\/yemek-kabi-kraft-salata-kabi-mayeambalaj.com-8-12x12.jpg 12w, https:\/\/mayeambalaj.com\/wp-content\/uploads\/2023\/09\/yemek-kabi-kraft-salata-kabi-mayeambalaj.com-8-300x300.jpg 300w, https:\/\/mayeambalaj.com\/wp-content\/uploads\/2023\/09\/yemek-kabi-kraft-salata-kabi-mayeambalaj.com-8-600x600.jpg 600w, https:\/\/mayeambalaj.com\/wp-content\/uploads\/2023\/09\/yemek-kabi-kraft-salata-kabi-mayeambalaj.com-8-100x100.jpg 100w, https:\/\/mayeambalaj.com\/wp-content\/uploads\/2023\/09\/yemek-kabi-kraft-salata-kabi-mayeambalaj.com-8.jpg 1080w\" sizes=\"(max-width: 400px) 100vw, 400px\" \/><\/p>\n<p><strong>Sonu\u00e7 olarak,<\/strong> kraft salata kab\u0131, sa\u011fl\u0131kl\u0131 ya\u015fam tarz\u0131n\u0131 benimseyenler ve \u00e7evre dostu \u00fcr\u00fcnleri tercih edenler i\u00e7in m\u00fckemmel bir m\u00fcttefiktir. Hem pratik hem de stil sahibi bir \u015fekilde lezzetli \u00f6\u011f\u00fcnlerinizi sunmak i\u00e7in kraft salata kab\u0131n\u0131 tercih edin.<\/p>\n<p><img decoding=\"async\" loading=\"lazy\" class=\"alignnone size-medium wp-image-534\" src=\"https:\/\/mayeambalaj.com\/wp-content\/uploads\/2023\/09\/yemek-kabi-kraft-salata-kabi-mayeambalaj.com-11-400x400.jpg\" alt=\"\" width=\"400\" height=\"400\" srcset=\"https:\/\/mayeambalaj.com\/wp-content\/uploads\/2023\/09\/yemek-kabi-kraft-salata-kabi-mayeambalaj.com-11-400x400.jpg 400w, https:\/\/mayeambalaj.com\/wp-content\/uploads\/2023\/09\/yemek-kabi-kraft-salata-kabi-mayeambalaj.com-11-800x800.jpg 800w, https:\/\/mayeambalaj.com\/wp-content\/uploads\/2023\/09\/yemek-kabi-kraft-salata-kabi-mayeambalaj.com-11-280x280.jpg 280w, https:\/\/mayeambalaj.com\/wp-content\/uploads\/2023\/09\/yemek-kabi-kraft-salata-kabi-mayeambalaj.com-11-768x768.jpg 768w, https:\/\/mayeambalaj.com\/wp-content\/uploads\/2023\/09\/yemek-kabi-kraft-salata-kabi-mayeambalaj.com-11-12x12.jpg 12w, https:\/\/mayeambalaj.com\/wp-content\/uploads\/2023\/09\/yemek-kabi-kraft-salata-kabi-mayeambalaj.com-11-300x300.jpg 300w, https:\/\/mayeambalaj.com\/wp-content\/uploads\/2023\/09\/yemek-kabi-kraft-salata-kabi-mayeambalaj.com-11-600x600.jpg 600w, https:\/\/mayeambalaj.com\/wp-content\/uploads\/2023\/09\/yemek-kabi-kraft-salata-kabi-mayeambalaj.com-11-100x100.jpg 100w, https:\/\/mayeambalaj.com\/wp-content\/uploads\/2023\/09\/yemek-kabi-kraft-salata-kabi-mayeambalaj.com-11.jpg 1080w\" sizes=\"(max-width: 400px) 100vw, 400px\" \/> <img decoding=\"async\" loading=\"lazy\" class=\"alignnone size-medium wp-image-536\" src=\"https:\/\/mayeambalaj.com\/wp-content\/uploads\/2023\/09\/yemek-kabi-kraft-salata-kabi-mayeambalaj.com-13-400x400.jpg\" alt=\"\" width=\"400\" height=\"400\" srcset=\"https:\/\/mayeambalaj.com\/wp-content\/uploads\/2023\/09\/yemek-kabi-kraft-salata-kabi-mayeambalaj.com-13-400x400.jpg 400w, https:\/\/mayeambalaj.com\/wp-content\/uploads\/2023\/09\/yemek-kabi-kraft-salata-kabi-mayeambalaj.com-13-800x800.jpg 800w, https:\/\/mayeambalaj.com\/wp-content\/uploads\/2023\/09\/yemek-kabi-kraft-salata-kabi-mayeambalaj.com-13-280x280.jpg 280w, https:\/\/mayeambalaj.com\/wp-content\/uploads\/2023\/09\/yemek-kabi-kraft-salata-kabi-mayeambalaj.com-13-768x768.jpg 768w, https:\/\/mayeambalaj.com\/wp-content\/uploads\/2023\/09\/yemek-kabi-kraft-salata-kabi-mayeambalaj.com-13-12x12.jpg 12w, https:\/\/mayeambalaj.com\/wp-content\/uploads\/2023\/09\/yemek-kabi-kraft-salata-kabi-mayeambalaj.com-13-300x300.jpg 300w, https:\/\/mayeambalaj.com\/wp-content\/uploads\/2023\/09\/yemek-kabi-kraft-salata-kabi-mayeambalaj.com-13-600x600.jpg 600w, https:\/\/mayeambalaj.com\/wp-content\/uploads\/2023\/09\/yemek-kabi-kraft-salata-kabi-mayeambalaj.com-13-100x100.jpg 100w, https:\/\/mayeambalaj.com\/wp-content\/uploads\/2023\/09\/yemek-kabi-kraft-salata-kabi-mayeambalaj.com-13.jpg 1080w\" sizes=\"(max-width: 400px) 100vw, 400px\" \/><\/p>\n<\/div>\n<\/div>\n<\/div>\n<\/div>\n<\/div>\n<\/div>\n<\/div>\n<\/div>\n<\/div>\n<\/div>\n<\/div>\n","protected":false},"excerpt":{"rendered":"<p>Kraft salata kab\u0131<\/p>\n<p>Sa\u011fl\u0131kl\u0131 ya\u015fam tarz\u0131na ve pratik yemek haz\u0131rl\u0131\u011f\u0131na de\u011fer veren herkes i\u00e7in m\u00fckemmel bir se\u00e7enektir.<\/p>\n<p>Bu zarif ve \u00e7evre dostu kab\u0131n, her t\u00fcrl\u00fc salata ve at\u0131\u015ft\u0131rmal\u0131k i\u00e7in ideal bir \u00e7\u00f6z\u00fcm oldu\u011funu ke\u015ffedin.<\/p>","protected":false},"featured_media":522,"comment_status":"open","ping_status":"closed","template":"","meta":[],"product_cat":[74],"product_tag":[132,133,134,128,131,129,130],"_links":{"self":[{"href":"https:\/\/mayeambalaj.com\/en\/wp-json\/wp\/v2\/product\/521"}],"collection":[{"href":"https:\/\/mayeambalaj.com\/en\/wp-json\/wp\/v2\/product"}],"about":[{"href":"https:\/\/mayeambalaj.com\/en\/wp-json\/wp\/v2\/types\/product"}],"replies":[{"embeddable":true,"href":"https:\/\/mayeambalaj.com\/en\/wp-json\/wp\/v2\/comments?post=521"}],"wp:featuredmedia":[{"embeddable":true,"href":"https:\/\/mayeambalaj.com\/en\/wp-json\/wp\/v2\/media\/522"}],"wp:attachment":[{"href":"https:\/\/mayeambalaj.com\/en\/wp-json\/wp\/v2\/media?parent=521"}],"wp:term":[{"taxonomy":"product_cat","embeddable":true,"href":"https:\/\/mayeambalaj.com\/en\/wp-json\/wp\/v2\/product_cat?post=521"},{"taxonomy":"product_tag","embeddable":true,"href":"https:\/\/mayeambalaj.com\/en\/wp-json\/wp\/v2\/product_tag?post=521"}],"curies":[{"name":"wp","href":"https:\/\/api.w.org\/{rel}","templated":true}]}}